{"id":3985,"date":"2019-10-12T15:00:43","date_gmt":"2019-10-12T13:00:43","guid":{"rendered":"http:\/\/amgrezieu.fr\/?page_id=3985"},"modified":"2026-01-08T17:14:02","modified_gmt":"2026-01-08T16:14:02","slug":"nos-prochains-concerts","status":"publish","type":"page","link":"https:\/\/amgrezieu.fr\/?page_id=3985","title":{"rendered":"Dates \u00e0 retenir pour l&rsquo;AMG"},"content":{"rendered":"<section id=\"agenda-association\">\r\n<h2><strong><span style=\"color: #0000ff;\">A<\/span><span style=\"color: #ff6600;\">g<\/span><span style=\"color: #99cc00;\">e<\/span>n<span style=\"color: #993366;\">d<\/span>a des <span style=\"color: #ff9900;\">\u00e9v\u00e9nements<\/span> de <span style=\"color: #ff0000;\">l<\/span>\u2019<span style=\"color: #99cc00;\">association<\/span><\/strong><\/h2>\r\n<p style=\"text-align: center;\"><strong><span style=\"color: #0000ff;\">Ann\u00e9e 2026 !<\/span><\/strong><\/p>\r\n<p style=\"text-align: center;\"><span style=\"color: #3366ff;\"><strong>*7 f\u00e9vrier 2026<\/strong> \u2013 Sc\u00e8ne partag\u00e9e de l&rsquo;Ensemble vocal et instrumental\u00a0<em>\u00c0 Travers Chants<\/em> avec la chorale BELAIR de Francheville<\/span><br \/><span style=\"color: #3366ff;\">Espace EOLE \u00e0 <span style=\"text-decoration: underline;\">CRAPONNE<\/span><\/span><\/p>\r\n<p><span style=\"color: #ff00ff;\"><strong>*27 f\u00e9vrier 2026<\/strong> &#8211; Assembl\u00e9e G\u00e9n\u00e9rale Extraordinaire de l&rsquo;Association \u00e0 20 h au Centre d&rsquo;Animation<\/span><\/p>\r\n<p><span style=\"color: #ff9900;\"><strong>*22 mars 2026<\/strong> &#8211; Sc\u00e8ne partag\u00e9e avec la chorale ECLATS DE VOIX &#8211; <span style=\"font-size: 1rem;\">Salle Barbara IRIS \u00e0\u00a0 <span style=\"text-decoration: underline;\">FRANCHEVILLE<\/span><\/span><\/span><\/p>\r\n<p style=\"text-align: center;\"><span style=\"color: #ff0000;\"><strong>*7 juin 2026 \u00e0 16h<\/strong> \u2013 Concert de fin de saison offert par les professeurs,<\/span><br \/><span style=\"color: #ff0000;\">Centre d&rsquo;animation<\/span><br \/><br \/><\/p>\r\n<\/section>\r\n<p>&nbsp;<\/p>\r\n<p>&nbsp;<\/p>\r\n<p>&nbsp;<\/p>\r\n<p>&nbsp;<\/p>\r\n<p>&nbsp;<\/p>\r\n<p>&nbsp;<\/p>\r\n<p>&nbsp;<\/p>\r\n<p>&nbsp;<\/p>\r\n<p>&nbsp;<\/p>\r\n<p>&nbsp;<\/p>\r\n<p>&nbsp;<\/p>\r\n<p>&nbsp;<\/p>\r\n<p>&nbsp;<\/p>\r\n<p>&nbsp;<\/p>\r\n<p>&nbsp;<\/p>\r\n<p>&nbsp;<\/p>\r\n<p>&nbsp;<\/p>\r\n<p>&nbsp;<\/p>\r\n<p>&nbsp;<\/p>\r\n<p>&nbsp;<\/p>\r\n<p>&nbsp;<\/p>\r\n<p>&nbsp;<\/p>\r\n<p>&nbsp;<\/p>\r\n<p>&nbsp;<\/p>\r\n<p>&nbsp;<\/p>\r\n<p>&nbsp;<\/p>\r\n<p>&nbsp;<\/p>\r\n<p>&nbsp;<\/p>\r\n<p>&nbsp;<\/p>\r\n<p>&nbsp;<\/p>\r\n<p>&nbsp;<\/p>\r\n<p>&nbsp;<\/p>\r\n<p>&nbsp;<\/p>\r\n<p>&nbsp;<\/p>\r\n<p>&nbsp;<\/p>\r\n<p>&nbsp;<\/p>\r\n<p>&nbsp;<\/p>\r\n<p>&nbsp;<\/p>\r\n<p>&nbsp;<\/p>\r\n<p>&nbsp;<\/p>\r\n<p>&nbsp;<\/p>\r\n<p>&nbsp;<\/p>\r\n<p>&nbsp;<\/p>\r\n<p>&nbsp;<\/p>\r\n<p>&nbsp;<\/p>\r\n<p>&nbsp;<\/p>\r\n<p>&nbsp;<\/p>\r\n<p>&nbsp;<\/p>\r\n<p>&nbsp;<\/p>\r\n<p>&nbsp;<\/p>\r\n<p>&nbsp;<\/p>\r\n<p>&nbsp;<\/p>\r\n<p>&nbsp;<\/p>\r\n<p>&nbsp;<\/p>\r\n<p>&nbsp;<\/p>\r\n<p>&nbsp;<\/p>\r\n<p>&nbsp;<\/p>\r\n<p>&nbsp;<\/p>\r\n<p>&nbsp;<\/p>\r\n<p>&nbsp;<\/p>\r\n<p>&nbsp;<\/p>\r\n<p>&nbsp;<\/p>\r\n<p>&nbsp;<\/p>\r\n<p>&nbsp;<\/p>\r\n<p>&nbsp;<\/p>\r\n<p>&nbsp;<\/p>\r\n<p>&nbsp;<\/p>\r\n<p>&nbsp;<\/p>\r\n<p>&nbsp;<\/p>\r\n<p>&nbsp;<\/p>\r\n<p>&nbsp;<\/p>\r\n<p>&nbsp;<\/p>\r\n<p>&nbsp;<\/p>\r\n<p>&nbsp;<\/p>\r\n<p>&nbsp;<\/p>\r\n<p>&nbsp;<\/p>\r\n<p><span style=\"text-decoration: underline;\"><strong><span style=\"color: #0000ff; text-decoration: underline;\">28 Septembre 2025 \u00e0 17 H\u00a0<\/span> :<\/strong><span style=\"font-size: 1rem;\"> <span style=\"color: #ff0000;\"><strong>SPECTACLE\u00a0 MUSICAL\u00a0 &#8211;<span style=\"color: #ff9900;\">\u00a0 \u00ab\u00a0IL EST O\u00d9 ?<\/span>\u00a0\u00bb\u00a0\u00a0<\/strong><\/span><\/span><\/span> L\u2019ensemble vocal <span style=\"color: #ff0000;\">\u00ab <strong>A TRAVERS CHANTS<\/strong> \u00bb<\/span> (de l&rsquo;association) vous attend nombreux pour vous pr\u00e9senter son nouveau <span style=\"color: #ff0000;\"><strong>SPECTACLE\u00a0 MUSICAL\u00a0 \u00a0 \u00a0 \u00a0 \u00a0 \u00a0 \u00a0 <span style=\"color: #ff9900;\">\u00a0 \u00a0 \u00ab\u00a0IL EST O\u00d9 ?<\/span>\u00a0\u00bb\u00a0\u00a0<\/strong><\/span> <span style=\"color: #ff0000;\"><strong>Choristes et musiciens seront ravis de vous retrouver <\/strong><\/span>! Billetterie 10 \u20ac ou 12 \u20ac le jour m\u00eame,\u00a0 gratuit moins de 12 ans,\u00a0 sur<strong style=\"color: #ff0000; font-size: 1rem;\">\u00a0\u00a0<\/strong><span style=\"text-decoration: underline;\"><strong>www.interval.ccvl.fr<\/strong><\/span><img fetchpriority=\"high\" decoding=\"async\" class=\"aligncenter wp-image-8789 \" src=\"https:\/\/amgrezieu.fr\/wp-content\/uploads\/2025\/04\/Flyer-JPEG.jpg\" alt=\"\" width=\"318\" height=\"451\" srcset=\"https:\/\/amgrezieu.fr\/wp-content\/uploads\/2025\/04\/Flyer-JPEG.jpg 1748w, https:\/\/amgrezieu.fr\/wp-content\/uploads\/2025\/04\/Flyer-JPEG-211x300.jpg 211w, https:\/\/amgrezieu.fr\/wp-content\/uploads\/2025\/04\/Flyer-JPEG-722x1024.jpg 722w, https:\/\/amgrezieu.fr\/wp-content\/uploads\/2025\/04\/Flyer-JPEG-768x1090.jpg 768w, https:\/\/amgrezieu.fr\/wp-content\/uploads\/2025\/04\/Flyer-JPEG-1083x1536.jpg 1083w, https:\/\/amgrezieu.fr\/wp-content\/uploads\/2025\/04\/Flyer-JPEG-1444x2048.jpg 1444w\" sizes=\"(max-width: 318px) 100vw, 318px\" \/> <span style=\"color: #0000ff;\">  <\/span><\/p>\r\n\r\n\r\n\r\n\r\n\r\n<p><img decoding=\"async\" class=\"aligncenter  wp-image-8716\" src=\"https:\/\/amgrezieu.fr\/wp-content\/uploads\/2025\/02\/qrcode-3-150x150.png\" alt=\"\" width=\"97\" height=\"97\" srcset=\"https:\/\/amgrezieu.fr\/wp-content\/uploads\/2025\/02\/qrcode-3-150x150.png 150w, https:\/\/amgrezieu.fr\/wp-content\/uploads\/2025\/02\/qrcode-3-300x300.png 300w, https:\/\/amgrezieu.fr\/wp-content\/uploads\/2025\/02\/qrcode-3-100x100.png 100w, https:\/\/amgrezieu.fr\/wp-content\/uploads\/2025\/02\/qrcode-3.png 600w\" sizes=\"(max-width: 97px) 100vw, 97px\" \/><\/p>\r\n\r\n\r\n\r\n<div class=\"wp-block-media-text is-stacked-on-mobile\">\r\n<figure class=\"wp-block-media-text__media\"><\/figure>\r\n<div class=\"wp-block-media-text__content\"><\/div>\r\n<\/div>\r\n\r\n\r\n\r\n<p>&nbsp;<\/p>\r\n\r\n\r\n\r\n<p>&nbsp;<\/p>\r\n\r\n\r\n\r\n<p>\u00a0 <span style=\"text-decoration: underline;\"><span style=\"text-decoration: underline;\"><strong>15 novembre 2025 :<\/strong><\/span><span style=\"font-size: 1rem;\">\u00a0<\/span><span style=\"font-size: 1rem;\">ASSEMBLEE GENERALE au Centre d&rsquo;Animation \u00e0 10 heures<\/span><\/span> <span style=\"text-decoration: underline;\"><strong>6 Septembre 2025 :<\/strong><\/span> FORUM DES ASSOCIATIONS. La plateforme d\u00e9di\u00e9e aux inscriptions \u00e9tant ouverte chaque ann\u00e9e d\u00e8s le 1er mai, il n&rsquo;y a plus d&rsquo; inscriptions manuelles le jour du Forum. N\u00e9anmoins, nous serons disponibles pour vous renseigner et vous guider. Certains de nos professeurs seront pr\u00e9sents,\u00a0 notamment Philippe BERTHOU, professeur de Batterie et de Djemb\u00e9. <span style=\"text-decoration: underline;\"><strong>14 D\u00e9cembre 2025<\/strong><\/span>\u00a0: Concert de NOEL au Centre d&rsquo;Animation \u00e0 16 heures _____________________________________________________________________ ____________________________________________________________________<\/p>\r\n<h1><span style=\"color: #ff0000;\"><span style=\"text-decoration: underline;\"><strong>21 JUIN:<\/strong><\/span>\u00a0 <strong>L&rsquo;AMG participe \u00e0 la<\/strong> <strong>F\u00eate de la Musique de Gr\u00e9zieu-la-Varenne<\/strong> <strong>!\u00a0\u00a0<\/strong><\/span><\/h1>\r\n<p>_____________________________________________________________________<\/p>\r\n<h1><strong><u><span style=\"color: #ff0000;\"><img decoding=\"async\" class=\"alignleft wp-image-7716\" src=\"https:\/\/amgrezieu.fr\/wp-content\/uploads\/2024\/01\/music-5147528_1280.png\" alt=\"\" width=\"67\" height=\"58\" srcset=\"https:\/\/amgrezieu.fr\/wp-content\/uploads\/2024\/01\/music-5147528_1280.png 1280w, https:\/\/amgrezieu.fr\/wp-content\/uploads\/2024\/01\/music-5147528_1280-300x259.png 300w, https:\/\/amgrezieu.fr\/wp-content\/uploads\/2024\/01\/music-5147528_1280-1024x883.png 1024w, https:\/\/amgrezieu.fr\/wp-content\/uploads\/2024\/01\/music-5147528_1280-768x662.png 768w\" sizes=\"(max-width: 67px) 100vw, 67px\" \/><\/span>27 OCTOBRE :<\/u><\/strong><\/h1>\r\n<h1>Th\u00e9 Dansant au centre d&rsquo;Animation ( \u00e0 confirmer)<\/h1>\r\n<p>_____________________________________________________________________<\/p>\r\n<h1><strong><u>16 NOVEMBRE :<\/u><\/strong><\/h1>\r\n<h1>Assembl\u00e9e G\u00e9n\u00e9rale <img loading=\"lazy\" decoding=\"async\" class=\"alignleft wp-image-7718\" src=\"https:\/\/amgrezieu.fr\/wp-content\/uploads\/2024\/01\/meeting-6781073_1280.png\" alt=\"\" width=\"86\" height=\"67\" srcset=\"https:\/\/amgrezieu.fr\/wp-content\/uploads\/2024\/01\/meeting-6781073_1280.png 1280w, https:\/\/amgrezieu.fr\/wp-content\/uploads\/2024\/01\/meeting-6781073_1280-300x233.png 300w, https:\/\/amgrezieu.fr\/wp-content\/uploads\/2024\/01\/meeting-6781073_1280-1024x796.png 1024w, https:\/\/amgrezieu.fr\/wp-content\/uploads\/2024\/01\/meeting-6781073_1280-768x597.png 768w\" sizes=\"(max-width: 86px) 100vw, 86px\" \/> au centre d&rsquo;Animation<\/h1>\r\n<p>\u00a0 _____________________________________________________________________<\/p>\r\n<h1><strong><u><span style=\"color: #ff0000;\"><img loading=\"lazy\" decoding=\"async\" class=\"alignleft wp-image-7720 \" src=\"https:\/\/amgrezieu.fr\/wp-content\/uploads\/2024\/01\/NOEL-DJEMBE-150x150.jpg\" alt=\"\" width=\"92\" height=\"92\" srcset=\"https:\/\/amgrezieu.fr\/wp-content\/uploads\/2024\/01\/NOEL-DJEMBE-150x150.jpg 150w, https:\/\/amgrezieu.fr\/wp-content\/uploads\/2024\/01\/NOEL-DJEMBE-300x300.jpg 300w, https:\/\/amgrezieu.fr\/wp-content\/uploads\/2024\/01\/NOEL-DJEMBE-1024x1024.jpg 1024w, https:\/\/amgrezieu.fr\/wp-content\/uploads\/2024\/01\/NOEL-DJEMBE-768x768.jpg 768w, https:\/\/amgrezieu.fr\/wp-content\/uploads\/2024\/01\/NOEL-DJEMBE-1536x1536.jpg 1536w, https:\/\/amgrezieu.fr\/wp-content\/uploads\/2024\/01\/NOEL-DJEMBE-100x100.jpg 100w, https:\/\/amgrezieu.fr\/wp-content\/uploads\/2024\/01\/NOEL-DJEMBE.jpg 1920w\" sizes=\"(max-width: 92px) 100vw, 92px\" \/><\/span>15 DECEMBRE\u00a0 :\u00a0 <\/u><\/strong>Concert de No\u00ebl\u00a0 au centre d&rsquo;Animation<\/h1>\r\n<p>&nbsp;<\/p>\r\n<h1 style=\"text-align: center;\"><strong>Avec la participation de nos soutiens, et<\/strong><\/h1>\r\n<h1 style=\"text-align: center;\"><strong> notamment la mairie de Gr\u00e9zieu-la-Varenne, <\/strong><\/h1>\r\n<h1 style=\"text-align: center;\"><strong>le D\u00e9partement du Rh\u00f4ne et le Cr\u00e9dit Mutuel<\/strong><\/h1>\r\n<p>&nbsp;<\/p>\r\n<div>\r\n<div>\u00a0<\/div>\r\n<div style=\"text-align: left;\">\u00a0<\/div>\r\n<div>\u00a0<\/div>\r\n<\/div>\r\n<div style=\"text-align: center;\">\u00a0<\/div>\r\n<div>\u00a0<\/div>\r\n<div>\u00a0<\/div>\r\n<div>\u00a0<\/div>\r\n<div>\u00a0<\/div>\r\n<div>\r\n<div>\r\n<div style=\"text-align: center;\">\u00a0<\/div>\r\n<\/div>\r\n<div>\u00a0<\/div>\r\n<div><span style=\"color: #808000;\"><u style=\"font-size: 1rem;\"><b>\u00a0<\/b><\/u><\/span><\/div>\r\n<\/div>\r\n<div>\r\n<div>\r\n<div>\r\n<p style=\"font-weight: 400;\">\u00a0<\/p>\r\n<\/div>\r\n<\/div>\r\n<\/div>\r\n<div>\r\n<div>\u00a0<\/div>\r\n<\/div>\r\n<div>\r\n<div>\r\n<div>\r\n<div>\u00a0<\/div>\r\n<\/div>\r\n<div>\u00a0<\/div>\r\n<\/div>\r\n<\/div>\r\n<div class=\"gmail_default\">\u00a0<\/div>\r\n<div class=\"gmail_default\">\u00a0<\/div>\r\n<p>\u00a0 \u00a0 \u00a0 \u00a0 <strong>&#8211; <\/strong> \u00a0 \u00a0 \u00a0 \u00a0 \u00a0 \u00a0 \u00a0 \u00a0 \u00a0 \u00a0 \u00a0 \u00a0 \u00a0 \u00a0 \u00a0 \u00a0 \u00a0 \u00a0 \u00a0 \u00a0 \u00a0<\/p>","protected":false},"excerpt":{"rendered":"<p>Agenda des \u00e9v\u00e9nements de l\u2019association Ann\u00e9e 2026 ! *7 f\u00e9vrier 2026 \u2013 Sc\u00e8ne partag\u00e9e de l&rsquo;Ensemble vocal et instrumental\u00a0\u00c0 Travers Chants avec la chorale BELAIR de FranchevilleEspace EOLE \u00e0 CRAPONNE &hellip; <\/p>\n<p class=\"link-more\"><a href=\"https:\/\/amgrezieu.fr\/?page_id=3985\" class=\"more-link\">Continuer la lecture<span class=\"screen-reader-text\"> de &laquo;&nbsp;Dates \u00e0 retenir pour l&rsquo;AMG&nbsp;&raquo;<\/span><\/a><\/p>\n","protected":false},"author":1,"featured_media":0,"parent":0,"menu_order":0,"comment_status":"closed","ping_status":"closed","template":"","meta":{"_price":"","_stock":"","_tribe_ticket_header":"","_tribe_default_ticket_provider":"","_tribe_ticket_capacity":"0","_ticket_start_date":"","_ticket_end_date":"","_tribe_ticket_show_description":"","_tribe_ticket_show_not_going":false,"_tribe_ticket_use_global_stock":"","_tribe_ticket_global_stock_level":"","_global_stock_mode":"","_global_stock_cap":"","_tribe_rsvp_for_event":"","_tribe_ticket_going_count":"","_tribe_ticket_not_going_count":"","_tribe_tickets_list":"[]","_tribe_ticket_has_attendee_info_fields":false,"footnotes":"","_tec_slr_enabled":"","_tec_slr_layout":""},"class_list":["post-3985","page","type-page","status-publish","hentry"],"ticketed":false,"_links":{"self":[{"href":"https:\/\/amgrezieu.fr\/index.php?rest_route=\/wp\/v2\/pages\/3985","targetHints":{"allow":["GET"]}}],"collection":[{"href":"https:\/\/amgrezieu.fr\/index.php?rest_route=\/wp\/v2\/pages"}],"about":[{"href":"https:\/\/amgrezieu.fr\/index.php?rest_route=\/wp\/v2\/types\/page"}],"author":[{"embeddable":true,"href":"https:\/\/amgrezieu.fr\/index.php?rest_route=\/wp\/v2\/users\/1"}],"replies":[{"embeddable":true,"href":"https:\/\/amgrezieu.fr\/index.php?rest_route=%2Fwp%2Fv2%2Fcomments&post=3985"}],"version-history":[{"count":87,"href":"https:\/\/amgrezieu.fr\/index.php?rest_route=\/wp\/v2\/pages\/3985\/revisions"}],"predecessor-version":[{"id":9071,"href":"https:\/\/amgrezieu.fr\/index.php?rest_route=\/wp\/v2\/pages\/3985\/revisions\/9071"}],"wp:attachment":[{"href":"https:\/\/amgrezieu.fr\/index.php?rest_route=%2Fwp%2Fv2%2Fmedia&parent=3985"}],"curies":[{"name":"wp","href":"https:\/\/api.w.org\/{rel}","templated":true}]}}