{"id":74,"date":"2014-03-12T17:42:01","date_gmt":"2014-03-12T16:42:01","guid":{"rendered":"http:\/\/cjgl.wordpress-hebergement.fr\/?page_id=74"},"modified":"2024-10-21T12:07:33","modified_gmt":"2024-10-21T10:07:33","slug":"presentons-nous","status":"publish","type":"page","link":"https:\/\/amgrezieu.fr\/?page_id=74","title":{"rendered":"\u00c0 Travers Chants"},"content":{"rendered":"<p style=\"text-align: center;\"><span style=\"color: #ff6600;\"><strong>La chorale A Travers Chants sous la direction de Dominique Pouilhe, reprend ses r\u00e9p\u00e9titions d\u00e8s le 12 septembre au Centre d&rsquo;Animation et ouvre son r\u00e9pertoire \u00e0 ABBA, HIGELIN, QUEEN, VIANNEY, SOPRANO, ARMANET, MAE,\u00a0<\/strong><\/span><span style=\"color: #ff6600;\"><strong> LENNON&#8230; etc\u00a0 !<\/strong><\/span><\/p>\n<p style=\"text-align: center;\"><span style=\"color: #ff6600;\"><strong>Alors si vous aimez chanter, il est encore temps de d\u00e9couvrir notre ch\u0153ur et de participer \u00e0 ce projet musical. La chorale, compos\u00e9e d&rsquo;un ensemble de 5 musiciens amateurs et d&rsquo;une trentaine de choristes, se r\u00e9unit le jeudi soir dans la convivialit\u00e9.<\/strong><\/span><\/p>\n<p style=\"text-align: center;\"><span style=\"color: #ff6600;\"><strong>Et nul besoin d&rsquo;\u00eatre exp\u00e9riment\u00e9 en solf\u00e8ge ou en chant, il vous suffira d&rsquo;\u00eatre motiv\u00e9 et assidu pour progresser rapidement et vous faire plaisir en chantant ! Dominique vous accompagnera dans votre apprentissage !\u00a0<\/strong><\/span><\/p>\n<p style=\"text-align: center;\"><span style=\"color: #800080;\"><img fetchpriority=\"high\" decoding=\"async\" class=\"wp-image-7273 size-medium alignleft\" src=\"https:\/\/amgrezieu.fr\/wp-content\/uploads\/2023\/05\/20230204_172403-300x169.jpg\" alt=\"\" width=\"300\" height=\"169\" srcset=\"https:\/\/amgrezieu.fr\/wp-content\/uploads\/2023\/05\/20230204_172403-300x169.jpg 300w, https:\/\/amgrezieu.fr\/wp-content\/uploads\/2023\/05\/20230204_172403-768x432.jpg 768w, https:\/\/amgrezieu.fr\/wp-content\/uploads\/2023\/05\/20230204_172403-1024x576.jpg 1024w\" sizes=\"(max-width: 300px) 100vw, 300px\" \/><br \/>\n<\/span><\/p>\n<p style=\"text-align: left;\"><span style=\"color: #800000;\"><strong style=\"font-size: 12px;\"><span style=\"font-size: medium;\">Comment \u00e7a se d\u00e9roule ? <\/span><\/strong><\/span>Une fois par semaine, le jeudi soir, musiciens et choristes se retrouvent pour travailler dans une ambiance amicale.<\/p>\n<h1 style=\"text-align: center;\"><span style=\"color: #800080;\"><img decoding=\"async\" class=\"alignleft wp-image-7105 size-medium\" src=\"https:\/\/amgrezieu.fr\/wp-content\/uploads\/2023\/02\/les-musiciens-dATC-300x193.jpg\" alt=\"\" width=\"300\" height=\"193\" srcset=\"https:\/\/amgrezieu.fr\/wp-content\/uploads\/2023\/02\/les-musiciens-dATC-300x193.jpg 300w, https:\/\/amgrezieu.fr\/wp-content\/uploads\/2023\/02\/les-musiciens-dATC-768x494.jpg 768w, https:\/\/amgrezieu.fr\/wp-content\/uploads\/2023\/02\/les-musiciens-dATC-1024x658.jpg 1024w, https:\/\/amgrezieu.fr\/wp-content\/uploads\/2023\/02\/les-musiciens-dATC.jpg 1412w\" sizes=\"(max-width: 300px) 100vw, 300px\" \/><\/span><\/h1>\n<p style=\"text-align: left;\">La r\u00e9p\u00e9tition commence par l&rsquo;atelier r\u00e9serv\u00e9 aux 5 musiciens (guitare, clavier,\u00a0 synth\u00e9, basse et batterie acoustique).<\/p>\n<p>&nbsp;<\/p>\n<h1 style=\"text-align: center;\"><span style=\"color: #800080;\"><img decoding=\"async\" class=\"alignleft wp-image-7272 size-medium\" src=\"https:\/\/amgrezieu.fr\/wp-content\/uploads\/2023\/05\/20230204_171942-300x169.jpg\" alt=\"\" width=\"300\" height=\"169\" srcset=\"https:\/\/amgrezieu.fr\/wp-content\/uploads\/2023\/05\/20230204_171942-300x169.jpg 300w, https:\/\/amgrezieu.fr\/wp-content\/uploads\/2023\/05\/20230204_171942-768x432.jpg 768w, https:\/\/amgrezieu.fr\/wp-content\/uploads\/2023\/05\/20230204_171942-1024x576.jpg 1024w\" sizes=\"(max-width: 300px) 100vw, 300px\" \/><\/span><\/h1>\n<p>Ils sont ensuite rejoints par les choristes, qui se consacrent d&rsquo;abord aux exercices de technique vocale : respiration, vocalises et placement de la voix. La s\u00e9ance se poursuit par l&rsquo;enrichissement et le perfectionnement du r\u00e9pertoire compos\u00e9 de chansons essentiellement fran\u00e7aises.<\/p>\n<p>&nbsp;<\/p>\n<p><span style=\"color: #800000;\"><strong><span style=\"font-size: medium;\">Quel enseignement ?<\/span><\/strong><\/span><\/p>\n<p>La m\u00e9thode repose sur :<br \/>\n<strong>&#8211; la r\u00e9alisation d&rsquo;arrangements adapt\u00e9s au niveau des participants<\/strong><br \/>\n<strong>&#8211; l\u2019apprentissage des chants de mani\u00e8re auditive<\/strong> : travail par pupitre &#8211; chaque voix est chant\u00e9e s\u00e9par\u00e9ment &#8211; puis en tutti.<br \/>\nLe chef de choeur enregistre un mp3 par pupitre, permettant ainsi aux choristes de retravailler les chants \u00e0 domicile. <span style=\"color: #800000;\"><strong><span style=\"font-size: medium;\">Et les concerts alors ? <\/span><\/strong><\/span>L&rsquo;ensemble \u00ab\u00a0<strong><span style=\"color: #ff6600;\">\u00c0 Travers Chants<\/span><\/strong>\u00a0\u00bb se produit r\u00e9guli\u00e8rement lors des concerts de l&rsquo;AMG et ailleurs.<br \/>\nIl a particip\u00e9 plusieurs fois au <strong>Festival Inter&rsquo;val de Vaugneray<\/strong> : en 2006-2010-2013-2017 et 2022 avec son dernier spectacle \u00ab\u00a0<em>De retour sur la place<\/em>\u00ab\u00a0. <span style=\"color: #ff6600;\"><strong>ATC<\/strong><\/span> donne \u00e9galement d&rsquo;autres concerts,\u00a0 la liste des plus r\u00e9cents est <a href=\"http:\/\/amgrezieu.fr\/?page_id=4213\">disponible ici<\/a>.<\/p>\n<p><span style=\"color: #ff6600;\"><strong>A Travers Chants<\/strong><\/span> soutient les Associations <strong><a href=\"http:\/\/forumsolidaire.com\/michel\/\" target=\"_blank\" rel=\"noopener noreferrer\">Mac-Mael-Agri<\/a> et <a href=\"http:\/\/www.aformetrop.com\/\" target=\"_blank\" rel=\"noopener noreferrer\">Aformetrop<\/a><\/strong> qui \u0153uvrent en faveur de r\u00e9gions rurales du Togo. <span style=\"color: #ff6600;\"><strong>\u00c0 Travers Chants<\/strong><\/span> c&rsquo;est le rendez-vous hebdomadaire de musiciens et choristes qui veulent faire de la musique en toute convivialit\u00e9 et qui vous accueilleront bien volontiers !<\/p>\n<p><span style=\"color: #800000;\"><span style=\"font-size: medium;\"><strong>O\u00f9 ? Quand ?<\/strong><\/span><\/span><br \/>\nPour vous faire une id\u00e9e, le mieux est de venir faire un essai ! Les <strong>r\u00e9p\u00e9titions<\/strong> ont lieu :<br \/>\n<strong>&#8211; Au Centre d&rsquo;Animation sauf modification de la mairie<br \/>\n<\/strong><strong>&#8211; Tous les jeudis hors vacances scolaires<br \/>\n&#8211; De 19 h \u00e0 20 h r\u00e9p\u00e9tition des musiciens\u00a0 &#8211; de 20 h \u00e0 21 h les choristes se raccordent aux musiciens &#8211; de 21h \u00e0 22 h les choristes travaillent les parties difficiles ou apprennent de nouvelles chansons.<\/strong><\/p>\n<p><strong>\u00a0<\/strong><\/p>\n","protected":false},"excerpt":{"rendered":"<p>La chorale A Travers Chants sous la direction de Dominique Pouilhe, reprend ses r\u00e9p\u00e9titions d\u00e8s le 12 septembre au Centre d&rsquo;Animation et ouvre son r\u00e9pertoire \u00e0 ABBA, HIGELIN, QUEEN, VIANNEY, &hellip; <\/p>\n<p class=\"link-more\"><a href=\"https:\/\/amgrezieu.fr\/?page_id=74\" class=\"more-link\">Continuer la lecture<span class=\"screen-reader-text\"> de &laquo;&nbsp;\u00c0 Travers Chants&nbsp;&raquo;<\/span><\/a><\/p>\n","protected":false},"author":1,"featured_media":0,"parent":72,"menu_order":1,"comment_status":"closed","ping_status":"closed","template":"","meta":{"_price":"","_stock":"","_tribe_ticket_header":"","_tribe_default_ticket_provider":"","_tribe_ticket_capacity":"0","_ticket_start_date":"","_ticket_end_date":"","_tribe_ticket_show_description":"","_tribe_ticket_show_not_going":false,"_tribe_ticket_use_global_stock":"","_tribe_ticket_global_stock_level":"","_global_stock_mode":"","_global_stock_cap":"","_tribe_rsvp_for_event":"","_tribe_ticket_going_count":"","_tribe_ticket_not_going_count":"","_tribe_tickets_list":"[]","_tribe_ticket_has_attendee_info_fields":false,"footnotes":"","_tec_slr_enabled":"","_tec_slr_layout":""},"class_list":["post-74","page","type-page","status-publish","hentry"],"ticketed":false,"_links":{"self":[{"href":"https:\/\/amgrezieu.fr\/index.php?rest_route=\/wp\/v2\/pages\/74","targetHints":{"allow":["GET"]}}],"collection":[{"href":"https:\/\/amgrezieu.fr\/index.php?rest_route=\/wp\/v2\/pages"}],"about":[{"href":"https:\/\/amgrezieu.fr\/index.php?rest_route=\/wp\/v2\/types\/page"}],"author":[{"embeddable":true,"href":"https:\/\/amgrezieu.fr\/index.php?rest_route=\/wp\/v2\/users\/1"}],"replies":[{"embeddable":true,"href":"https:\/\/amgrezieu.fr\/index.php?rest_route=%2Fwp%2Fv2%2Fcomments&post=74"}],"version-history":[{"count":93,"href":"https:\/\/amgrezieu.fr\/index.php?rest_route=\/wp\/v2\/pages\/74\/revisions"}],"predecessor-version":[{"id":8400,"href":"https:\/\/amgrezieu.fr\/index.php?rest_route=\/wp\/v2\/pages\/74\/revisions\/8400"}],"up":[{"embeddable":true,"href":"https:\/\/amgrezieu.fr\/index.php?rest_route=\/wp\/v2\/pages\/72"}],"wp:attachment":[{"href":"https:\/\/amgrezieu.fr\/index.php?rest_route=%2Fwp%2Fv2%2Fmedia&parent=74"}],"curies":[{"name":"wp","href":"https:\/\/api.w.org\/{rel}","templated":true}]}}